{"id":243938,"date":"2022-03-14T22:25:00","date_gmt":"2022-03-14T22:25:00","guid":{"rendered":"https:\/\/compassrosepublicschools.org\/nuestra-mesa-directiva-2\/"},"modified":"2022-06-14T19:31:56","modified_gmt":"2022-06-14T19:31:56","slug":"nuestra-mesa-directiva-2","status":"publish","type":"page","link":"https:\/\/compassrosepublicschools.org\/es\/nuestra-mesa-directiva-2\/","title":{"rendered":"Nuestra Mesa Directiva"},"content":{"rendered":"<p>[et_pb_section fb_built=\u00bb1&#8243; _builder_version=\u00bb4.6.0&#8243; _module_preset=\u00bbdefault\u00bb background_image=\u00bbhttps:\/\/compassrosepublicschools.org\/wp-content\/uploads\/2022\/03\/board-header.jpg\u00bb custom_margin=\u00bb||||false|false\u00bb custom_padding=\u00bb210px||0px|||\u00bb][et_pb_row make_equal=\u00bbon\u00bb _builder_version=\u00bb4.6.0&#8243; _module_preset=\u00bbdefault\u00bb width=\u00bb35%\u00bb width_tablet=\u00bb75%\u00bb width_phone=\u00bb\u00bb width_last_edited=\u00bbon|desktop\u00bb max_width=\u00bb100%\u00bb module_alignment=\u00bbleft\u00bb custom_margin=\u00bb|auto||auto|false|false\u00bb custom_margin_tablet=\u00bb\u00bb custom_margin_phone=\u00bb\u00bb custom_margin_last_edited=\u00bbon|tablet\u00bb custom_padding=\u00bb40px||0px||false|false\u00bb][et_pb_column type=\u00bb4_4&#8243; _builder_version=\u00bb4.6.0&#8243; _module_preset=\u00bbdefault\u00bb][et_pb_text _builder_version=\u00bb4.6.0&#8243; _module_preset=\u00bbdefault\u00bb header_font_size=\u00bb50px\u00bb background_color=\u00bb#001e60&#8243; text_orientation=\u00bbcenter\u00bb background_layout=\u00bbdark\u00bb custom_margin=\u00bb||-50px|100px|false|false\u00bb custom_margin_tablet=\u00bb|||auto|false|false\u00bb custom_margin_phone=\u00bb\u00bb custom_margin_last_edited=\u00bbon|tablet\u00bb custom_padding=\u00bb20px||10px||false|false\u00bb]<\/p>\n<h1>Nuestra Mesa Directiva<br \/>\n<\/h1>\n<p>[\/et_pb_text][\/et_pb_column][\/et_pb_row][\/et_pb_section][et_pb_section fb_built=\u00bb1&#8243; make_equal=\u00bbon\u00bb specialty=\u00bbon\u00bb _builder_version=\u00bb4.6.0&#8243; _module_preset=\u00bbdefault\u00bb width=\u00bb100%\u00bb max_width=\u00bb100%\u00bb module_alignment=\u00bbcenter\u00bb custom_margin=\u00bb||||false|false\u00bb custom_padding=\u00bb||||false|false\u00bb][et_pb_column type=\u00bb3_4&#8243; specialty_columns=\u00bb3&#8243; _builder_version=\u00bb3.25&#8243; custom_padding=\u00bb|||\u00bb custom_padding__hover=\u00bb|||\u00bb][et_pb_row_inner column_structure=\u00bb1_3,1_3,1_3&#8243; use_custom_gutter=\u00bbon\u00bb gutter_width=\u00bb2&#8243; make_equal=\u00bbon\u00bb _builder_version=\u00bb4.6.0&#8243; _module_preset=\u00bbdefault\u00bb width=\u00bb100%\u00bb max_width=\u00bb100%\u00bb custom_padding=\u00bb||0px|||\u00bb][et_pb_column_inner type=\u00bb1_3&#8243; saved_specialty_column_type=\u00bb3_4&#8243; _builder_version=\u00bb4.6.0&#8243; _module_preset=\u00bbdefault\u00bb][et_pb_image src=\u00bbhttps:\/\/compassrosepublicschools.org\/wp-content\/uploads\/2022\/03\/paul-morrissey.jpg\u00bb title_text=\u00bbpaul-morrissey\u00bb force_fullwidth=\u00bbon\u00bb _builder_version=\u00bb4.6.0&#8243; _module_preset=\u00bbdefault\u00bb][\/et_pb_image][et_pb_toggle title=\u00bbPaul Morrisey\u00bb open_toggle_text_color=\u00bb#000000&#8243; open_toggle_background_color=\u00bb#ffffff\u00bb closed_toggle_background_color=\u00bb#ffffff\u00bb icon_color=\u00bb#00a9e0&#8243; use_icon_font_size=\u00bbon\u00bb icon_font_size=\u00bb25px\u00bb _builder_version=\u00bb4.6.0&#8243; _module_preset=\u00bbdefault\u00bb title_text_color=\u00bb#000000&#8243; hover_enabled=\u00bb0&#8243; border_width_all=\u00bb0px\u00bb sticky_enabled=\u00bb0&#8243;]<\/p>\n<p>Fundador y CEO \u00a0<\/p>\n<p><em>Paul Morrissey es el CEO de la red y lidera el Equipo Ejecutivo. Fund\u00f3 Compass Rose en 2017 con un grado en un campus, 90 estudiantes y diez empleados. Durante cinco a\u00f1os ha hecho crecer la organizaci\u00f3n para servir a casi 3000 estudiantes en los grados K-12 en seis campus en todo el centro de Texas con un personal de m\u00e1s de 300 educadores innovadores. Antes de fundar Compass Rose Paul complet\u00f3 la beca Building Excellent Schools Fellowship, trabaj\u00f3 en un distrito de recuperaci\u00f3n en Massachusetts y gestion\u00f3 los esfuerzos de expansi\u00f3n para una red de escuelas aut\u00f3nomas en Arizona.<\/em><\/p>\n<p><em>\u00a0<\/em><\/p>\n<p><em>Paul fue homenajeado por el San Antonio Business Journal 40 Under 40 en 2021 por su trabajo en Compass Rose y en toda la comunidad de San Antonio. Obtuvo una licenciatura en ingl\u00e9s de la Universidad de Connecticut y una maestr\u00eda en literatura del Trinity College Dublin, Irlanda.<\/em><\/p>\n<p>[\/et_pb_toggle][\/et_pb_column_inner][et_pb_column_inner type=\u00bb1_3&#8243; saved_specialty_column_type=\u00bb3_4&#8243; _builder_version=\u00bb4.6.0&#8243; _module_preset=\u00bbdefault\u00bb][et_pb_image src=\u00bbhttps:\/\/compassrosepublicschools.org\/wp-content\/uploads\/2022\/03\/claudia-hernandez.jpg\u00bb title_text=\u00bbclaudia-hernandez\u00bb force_fullwidth=\u00bbon\u00bb _builder_version=\u00bb4.6.0&#8243; _module_preset=\u00bbdefault\u00bb][\/et_pb_image][et_pb_toggle title=\u00bbClaudia Hernandez\u00bb open_toggle_text_color=\u00bb#000000&#8243; open_toggle_background_color=\u00bb#ffffff\u00bb closed_toggle_background_color=\u00bb#ffffff\u00bb icon_color=\u00bb#00a9e0&#8243; use_icon_font_size=\u00bbon\u00bb icon_font_size=\u00bb25px\u00bb _builder_version=\u00bb4.6.0&#8243; _module_preset=\u00bbdefault\u00bb title_text_color=\u00bb#000000&#8243; hover_enabled=\u00bb0&#8243; border_width_all=\u00bb0px\u00bb sticky_enabled=\u00bb0&#8243;]<\/p>\n<p><span>Presidenta<\/span><\/p>\n<p><i><span>Claudia Hernandez es abogada en De Mott, McChesney, Curtright &#038; Armend\u00e1riz, LLP y ejerce en derecho civil e inmigraci\u00f3n. Claudia se gradu\u00f3 de la Universidad de Texas en Austin y recibi\u00f3 su Doctorado en Jurisprudencia de la Facultad de Derecho de Baylor. Fue becaria del Centro Latino para la Academia de Desarrollo de Liderazgo (LCLD) y es ex alumna del Instituto de Liderazgo Latino (LLI). Al ser estadounidense de primera generaci\u00f3n y la primera en su familia en graduarse de la escuela secundaria, Claudia sabe de primera mano c\u00f3mo la educaci\u00f3n puede transformar la vida de una persona. Por eso, se ha involucrado en promover el acceso a la educaci\u00f3n. Ha brindado testimonio ante el Comit\u00e9 de Educaci\u00f3n del Senado de Texas y actualmente es parte del comit\u00e9 de liderazgo del Programa de Becas y Dotaci\u00f3n de GED que busca becas para cubrir cursos y ex\u00e1menes de GED para estudiantes de bajos recursos.<br \/>\n<\/span><\/i><\/p>\n<p>[\/et_pb_toggle][\/et_pb_column_inner][et_pb_column_inner type=\u00bb1_3&#8243; saved_specialty_column_type=\u00bb3_4&#8243; _builder_version=\u00bb4.6.0&#8243; _module_preset=\u00bbdefault\u00bb][et_pb_image src=\u00bbhttps:\/\/compassrosepublicschools.org\/wp-content\/uploads\/2022\/03\/kurtis-indorf.jpg\u00bb title_text=\u00bbkurtis-indorf\u00bb force_fullwidth=\u00bbon\u00bb _builder_version=\u00bb4.6.0&#8243; _module_preset=\u00bbdefault\u00bb][\/et_pb_image][et_pb_toggle title=\u00bbKurtis Indorf\u00bb open_toggle_text_color=\u00bb#000000&#8243; open_toggle_background_color=\u00bb#ffffff\u00bb closed_toggle_background_color=\u00bb#ffffff\u00bb icon_color=\u00bb#00a9e0&#8243; use_icon_font_size=\u00bbon\u00bb icon_font_size=\u00bb25px\u00bb _builder_version=\u00bb4.6.0&#8243; _module_preset=\u00bbdefault\u00bb title_text_color=\u00bb#000000&#8243; border_width_all=\u00bb0px\u00bb]<\/p>\n<p><span>Vicepresidente<\/span><\/p>\n<p><i><span>Kurtis Indorf actualmente se desempe\u00f1a como fundador y socio gerente de Build the Future, LLC y como director ejecutivo de instrucci\u00f3n en Great Hearts Texas, donde lanz\u00f3 y lidera una nueva estrategia y un equipo para apoyar la instrucci\u00f3n s\u00f3lida y los logros en la creciente red escolar de Great Hearts en Texas.  Anteriormente, Kurtis se desempe\u00f1\u00f3 como subdirector acad\u00e9mico fundador de KIPP Texas en San Antonio. <\/p>\n<p>Antes de unirse a la familia KIPP, Kurtis fue el director ejecutivo fundador de The Achievement Network en Colorado, creando asociaciones con sistemas distritales y ch\u00e1rter en todo el estado para desarrollar las habilidades y pr\u00e1cticas de los l\u00edderes en la ense\u00f1anza y el aprendizaje basado \u200b\u200ben datos. Mientras estuvo all\u00ed, se desempe\u00f1\u00f3 como gobernador designado en la junta directiva del Charter School Institute, una agencia estatal independiente y el \u00fanico autorizador estatal de escuelas aut\u00f3nomas en Colorado.<br \/>\n<\/span><\/i><\/p>\n<p>[\/et_pb_toggle][\/et_pb_column_inner][\/et_pb_row_inner][et_pb_row_inner column_structure=\u00bb1_3,1_3,1_3&#8243; use_custom_gutter=\u00bbon\u00bb gutter_width=\u00bb2&#8243; make_equal=\u00bbon\u00bb _builder_version=\u00bb4.6.0&#8243; _module_preset=\u00bbdefault\u00bb width=\u00bb100%\u00bb max_width=\u00bb100%\u00bb custom_padding=\u00bb||0px|||\u00bb][et_pb_column_inner type=\u00bb1_3&#8243; saved_specialty_column_type=\u00bb3_4&#8243; _builder_version=\u00bb4.6.0&#8243; _module_preset=\u00bbdefault\u00bb][et_pb_image src=\u00bbhttps:\/\/compassrosepublicschools.org\/wp-content\/uploads\/2022\/03\/arturo-herrera.jpg\u00bb title_text=\u00bbarturo-herrera\u00bb force_fullwidth=\u00bbon\u00bb _builder_version=\u00bb4.6.0&#8243; _module_preset=\u00bbdefault\u00bb][\/et_pb_image][et_pb_toggle title=\u00bbArturo Herrera Jr.\u00bb open_toggle_text_color=\u00bb#000000&#8243; open_toggle_background_color=\u00bb#ffffff\u00bb closed_toggle_background_color=\u00bb#ffffff\u00bb icon_color=\u00bb#00a9e0&#8243; use_icon_font_size=\u00bbon\u00bb icon_font_size=\u00bb25px\u00bb _builder_version=\u00bb4.6.0&#8243; _module_preset=\u00bbdefault\u00bb title_text_color=\u00bb#000000&#8243; border_width_all=\u00bb0px\u00bb]<\/p>\n<p>Secretario<\/p>\n<p>Arturo Herrera, Jr., es el Gerente de Planificaci\u00f3n Estrat\u00e9gica de la Autoridad de Tr\u00e1nsito Metropolitano de VIA, donde supervisa el departamento responsable de la planificaci\u00f3n a largo plazo y de capital. Su experiencia laboral profesional se concentra en la planificaci\u00f3n del transporte multimodal y el desarrollo y la gesti\u00f3n de proyectos de capital. Mientras estaba en la universidad, trabaj\u00f3 para varios programas educativos, como el Programa de Ingenier\u00eda Pre-Freshman (PREP) y los Programas TRIO financiados por el gobierno federal, donde vio de primera mano los beneficios que el enriquecimiento educativo puede tener en estudiantes universitarios en riesgo y de primera generaci\u00f3n. El Sr. Herrera puede aportar a la Mesa Directiva una experiencia en planificaci\u00f3n de instalaciones, planificaci\u00f3n estrat\u00e9gica y planificaci\u00f3n de transporte, pero con ello viene su pasi\u00f3n por brindar oportunidades a trav\u00e9s de la educaci\u00f3n.\n<\/p>\n<p>[\/et_pb_toggle][\/et_pb_column_inner][et_pb_column_inner type=\u00bb1_3&#8243; saved_specialty_column_type=\u00bb3_4&#8243; _builder_version=\u00bb4.6.0&#8243; _module_preset=\u00bbdefault\u00bb][et_pb_image src=\u00bbhttps:\/\/compassrosepublicschools.org\/wp-content\/uploads\/2022\/03\/mitchell-walker.jpg\u00bb title_text=\u00bbmitchell-walker\u00bb force_fullwidth=\u00bbon\u00bb _builder_version=\u00bb4.6.0&#8243; _module_preset=\u00bbdefault\u00bb][\/et_pb_image][et_pb_toggle title=\u00bbMitchell Walker\u00bb open_toggle_text_color=\u00bb#000000&#8243; open_toggle_background_color=\u00bb#ffffff\u00bb closed_toggle_background_color=\u00bb#ffffff\u00bb icon_color=\u00bb#00a9e0&#8243; use_icon_font_size=\u00bbon\u00bb icon_font_size=\u00bb25px\u00bb _builder_version=\u00bb4.6.0&#8243; _module_preset=\u00bbdefault\u00bb title_text_color=\u00bb#000000&#8243; border_width_all=\u00bb0px\u00bb]<\/p>\n<p>Tesorero<\/p>\n<p>Mitchell Walker recibi\u00f3 un B.S. en contabilidad y finanzas de Trinity University, donde tambi\u00e9n fue miembro del equipo de baloncesto masculino. Mitchell actualmente se desempe\u00f1a como Vicepresidente Ejecutivo de Pr\u00e9stamos Comerciales de Jefferson Bank en San Antonio, donde ha trabajado para brindar instalaciones y financiamiento de capital de trabajo a escuelas ch\u00e1rter en San Antonio. Anteriormente dedic\u00f3 tiempo como miembro de la junta de Big Brothers Big Sisters of South Texas y del comit\u00e9 de finanzas de KIPP San Antonio. Actualmente se desempe\u00f1a como vicepresidente de Grand Canyon Conservancy.<\/p>\n<p>[\/et_pb_toggle][\/et_pb_column_inner][et_pb_column_inner type=\u00bb1_3&#8243; saved_specialty_column_type=\u00bb3_4&#8243; _builder_version=\u00bb4.6.0&#8243; _module_preset=\u00bbdefault\u00bb][et_pb_image src=\u00bbhttps:\/\/compassrosepublicschools.org\/wp-content\/uploads\/2022\/03\/christian-reed-ogba.jpg\u00bb title_text=\u00bbchristian-reed-ogba\u00bb force_fullwidth=\u00bbon\u00bb _builder_version=\u00bb4.6.0&#8243; _module_preset=\u00bbdefault\u00bb][\/et_pb_image][et_pb_toggle title=\u00bbChristian Reed-Ogba\u00bb open_toggle_text_color=\u00bb#000000&#8243; open_toggle_background_color=\u00bb#ffffff\u00bb closed_toggle_background_color=\u00bb#ffffff\u00bb icon_color=\u00bb#00a9e0&#8243; use_icon_font_size=\u00bbon\u00bb icon_font_size=\u00bb25px\u00bb _builder_version=\u00bb4.6.0&#8243; _module_preset=\u00bbdefault\u00bb title_text_color=\u00bb#000000&#8243; border_width_all=\u00bb0px\u00bb]<\/p>\n<p>Miembro de la Mesa Directiva<\/p>\n<p>Christian es la directora ejecutiva de Relaciones P\u00fablicas de EHCU y ha sido empresaria durante casi 20 a\u00f1os: lanz\u00f3 su servicio boutique de relaciones p\u00fablicas en Detroit. Al mudarse a San Antonio, Christian conoci\u00f3 y se cas\u00f3 con Uchennaya Ogba. Se convirtieron en socios comerciales antes de su luna de miel. Christian ha trabajado para expandir las conversaciones sobre el desarrollo de la ciudad, el urbanismo, el esp\u00edritu empresarial y el tr\u00e1nsito.<\/p>\n<p>[\/et_pb_toggle][\/et_pb_column_inner][\/et_pb_row_inner][et_pb_row_inner column_structure=\u00bb1_3,1_3,1_3&#8243; use_custom_gutter=\u00bbon\u00bb gutter_width=\u00bb2&#8243; make_equal=\u00bbon\u00bb _builder_version=\u00bb4.6.0&#8243; _module_preset=\u00bbdefault\u00bb width=\u00bb100%\u00bb max_width=\u00bb100%\u00bb custom_padding=\u00bb||0px|||\u00bb][et_pb_column_inner type=\u00bb1_3&#8243; saved_specialty_column_type=\u00bb3_4&#8243; _builder_version=\u00bb4.6.0&#8243; _module_preset=\u00bbdefault\u00bb][et_pb_image src=\u00bbhttps:\/\/compassrosepublicschools.org\/wp-content\/uploads\/2022\/03\/don-barfield.jpg\u00bb title_text=\u00bbdon-barfield\u00bb force_fullwidth=\u00bbon\u00bb _builder_version=\u00bb4.6.0&#8243; _module_preset=\u00bbdefault\u00bb][\/et_pb_image][et_pb_toggle title=\u00bbDon Barfield\u00bb open_toggle_text_color=\u00bb#000000&#8243; open_toggle_background_color=\u00bb#ffffff\u00bb closed_toggle_background_color=\u00bb#ffffff\u00bb icon_color=\u00bb#00a9e0&#8243; use_icon_font_size=\u00bbon\u00bb icon_font_size=\u00bb25px\u00bb _builder_version=\u00bb4.6.0&#8243; _module_preset=\u00bbdefault\u00bb title_text_color=\u00bb#000000&#8243; border_width_all=\u00bb0px\u00bb]<\/p>\n<p>Miembro de la Mesa Directiva<\/p>\n<p>Don Barfield es director asociado de Westat y antes de este cargo fue presidente y socio fundador de Edvance Research. Con m\u00e1s de 35 a\u00f1os de liderazgo ejecutivo en organizaciones educativas p\u00fablicas, con y sin fines de lucro, su buena orientaci\u00f3n ha resultado en la entrega exitosa de importantes iniciativas de investigaci\u00f3n y desarrollo a nivel local y nacional. Ha dado testimonio experto en los Consejos de Educaci\u00f3n a nivel estatal y local, testimonio en el Congreso, participado en paneles asesores t\u00e9cnicos de evaluaci\u00f3n y rendici\u00f3n de cuentas estatales, el panel de escuelas Blue Ribbon del Departamento de Educaci\u00f3n de EE. UU., un comit\u00e9 del Consejo Nacional de Investigaci\u00f3n y numerosas juntas directivas. El Sr. Barfield ha trabajado en la eliminaci\u00f3n de la segregaci\u00f3n escolar durante m\u00e1s de 30 a\u00f1os y ha participado como experto en la Corte del Distrito Federal en muchos casos.\n<\/p>\n<p>[\/et_pb_toggle][\/et_pb_column_inner][et_pb_column_inner type=\u00bb1_3&#8243; saved_specialty_column_type=\u00bb3_4&#8243; _builder_version=\u00bb4.6.0&#8243; _module_preset=\u00bbdefault\u00bb][et_pb_image src=\u00bbhttps:\/\/compassrosepublicschools.org\/wp-content\/uploads\/2022\/03\/kayleigh-colombero.jpg\u00bb title_text=\u00bbkayleigh-colombero\u00bb force_fullwidth=\u00bbon\u00bb _builder_version=\u00bb4.6.0&#8243; _module_preset=\u00bbdefault\u00bb][\/et_pb_image][et_pb_toggle title=\u00bbKayleigh Colombero\u00bb open_toggle_text_color=\u00bb#000000&#8243; open_toggle_background_color=\u00bb#ffffff\u00bb closed_toggle_background_color=\u00bb#ffffff\u00bb icon_color=\u00bb#00a9e0&#8243; use_icon_font_size=\u00bbon\u00bb icon_font_size=\u00bb25px\u00bb _builder_version=\u00bb4.6.0&#8243; _module_preset=\u00bbdefault\u00bb title_text_color=\u00bb#000000&#8243; border_width_all=\u00bb0px\u00bb]<\/p>\n<p>Miembro de la Mesa Directiva\n<\/p>\n<p>Kayleigh Colombero es la Superintendente de \u00c9toile Academy Charter School. Form\u00f3 parte de la beca Building Excellent Schools Fellowship de 2016, un riguroso programa de capacitaci\u00f3n integral de un a\u00f1o de duraci\u00f3n en la creaci\u00f3n y el liderazgo de escuelas ch\u00e1rter urbanas. Al crecer en un hogar financieramente inestable, Kayleigh experiment\u00f3 muchos desaf\u00edos personales en su camino hacia la universidad. Afortunadamente, Kayleigh tuvo algunos mentores que la impulsaron a tener \u00e9xito frente a muchas adversidades. Puso su mirada en Smith College, una universidad privada \u00e9lite, a la que eventualmente asisti\u00f3 con una beca. Kayleigh tiene ocho a\u00f1os de experiencia en educaci\u00f3n como maestra de escuela secundaria y preparatoria, entrenadora instruccional, jefa de departamento, l\u00edder de equipo y directora ejecutiva de una organizaci\u00f3n sin fines de lucro de desarrollo juvenil.\n<\/p>\n<p>[\/et_pb_toggle][\/et_pb_column_inner][et_pb_column_inner type=\u00bb1_3&#8243; saved_specialty_column_type=\u00bb3_4&#8243; _builder_version=\u00bb4.6.0&#8243; _module_preset=\u00bbdefault\u00bb][et_pb_image src=\u00bbhttps:\/\/compassrosepublicschools.org\/wp-content\/uploads\/2022\/03\/saamra-mekuria-grillo.jpg\u00bb title_text=\u00bbsaamra-mekuria-grillo\u00bb force_fullwidth=\u00bbon\u00bb _builder_version=\u00bb4.6.0&#8243; _module_preset=\u00bbdefault\u00bb][\/et_pb_image][et_pb_toggle title=\u00bbSaamra Mekukia-Grillo\u00bb open_toggle_text_color=\u00bb#000000&#8243; open_toggle_background_color=\u00bb#ffffff\u00bb closed_toggle_background_color=\u00bb#ffffff\u00bb icon_color=\u00bb#00a9e0&#8243; use_icon_font_size=\u00bbon\u00bb icon_font_size=\u00bb25px\u00bb _builder_version=\u00bb4.6.0&#8243; _module_preset=\u00bbdefault\u00bb title_text_color=\u00bb#000000&#8243; border_width_all=\u00bb0px\u00bb]<\/p>\n<p>Miembro de la Mesa Directiva <\/p>\n<p>Saamra Mekuria-Grillo es la fundadora de Formation Ventures, una empresa emergente dedicada a aumentar la cantidad y el \u00e9xito de empresarios negros desde la preparatoria a trav\u00e9s de programas educativos y de apoyo a nuevas empresas. Antes de fundar Formation Ventures, fue directora de operaciones del Instituto Pahara, donde supervis\u00f3 las operaciones del programa y del instituto. Antes de eso, Saamra fue consultora en Bain &#038; Company donde trabaj\u00f3 con clientes en educaci\u00f3n, capital privado, atenci\u00f3n m\u00e9dica y productos farmac\u00e9uticos. Saamra comenz\u00f3 su carrera en Google en India como miembro del equipo fundador de la oficina de Hyderabad de Google, donde se centr\u00f3 en la capacitaci\u00f3n y el crecimiento del equipo de operaciones y ventas de servicio al cliente de Google. Con una profunda creencia en el poder de la educaci\u00f3n para brindar oportunidades transformadoras a los j\u00f3venes, Saamra ha servido en varias mesas directivas de escuelas ch\u00e1rter.\n<\/p>\n<p>[\/et_pb_toggle][\/et_pb_column_inner][\/et_pb_row_inner][et_pb_row_inner column_structure=\u00bb1_3,1_3,1_3&#8243; make_equal=\u00bbon\u00bb _builder_version=\u00bb4.6.0&#8243; _module_preset=\u00bbdefault\u00bb width=\u00bb100%\u00bb max_width=\u00bb100%\u00bb][et_pb_column_inner type=\u00bb1_3&#8243; saved_specialty_column_type=\u00bb3_4&#8243; _builder_version=\u00bb4.6.0&#8243; _module_preset=\u00bbdefault\u00bb][et_pb_image src=\u00bbhttps:\/\/compassrosepublicschools.org\/wp-content\/uploads\/2022\/03\/tino-morenz.jpg\u00bb title_text=\u00bbtino-morenz\u00bb force_fullwidth=\u00bbon\u00bb _builder_version=\u00bb4.6.0&#8243; _module_preset=\u00bbdefault\u00bb][\/et_pb_image][et_pb_toggle title=\u00bbTino Morenz\u00bb open_toggle_text_color=\u00bb#000000&#8243; open_toggle_background_color=\u00bb#ffffff\u00bb closed_toggle_background_color=\u00bb#ffffff\u00bb icon_color=\u00bb#00a9e0&#8243; use_icon_font_size=\u00bbon\u00bb icon_font_size=\u00bb25px\u00bb _builder_version=\u00bb4.6.0&#8243; _module_preset=\u00bbdefault\u00bb title_text_color=\u00bb#000000&#8243; border_width_all=\u00bb0px\u00bb]<\/p>\n<p>Miembro de la Mesa Directiva<\/p>\n<p>Tino Morenz, ingeniero de software s\u00e9nior de Microsoft, ha trabajado en ingenier\u00eda de software durante m\u00e1s de una d\u00e9cada tanto en Irlanda como en los EE. UU. Ayud\u00f3 a localizar los programas de Office en m\u00e1s de 100 idiomas, cre\u00f3 herramientas para proteger la privacidad del cliente y actualmente trabaja detectando y mitigando ataques cibern\u00e9ticos como parte del equipo de seguridad en la nube de Microsoft. Como nativo de Alemania que obtuvo su licenciatura en Inform\u00e1tica de Procesos de Berufsakademie Glauchau en Alemania y su Maestr\u00eda en Computaci\u00f3n M\u00f3vil y Ubicua de la Universidad de Dubl\u00edn, Trinity College en Irlanda, Tino aporta una perspectiva \u00fanica forjada por la experiencia en dos sistemas educativos distintos y en dos idiomas diferentes. Actualmente est\u00e1 navegando por las aguas de criar a un ni\u00f1o biling\u00fce en el sistema escolar estadounidense, proporcionando otra capa a su compromiso con diversos establecimientos educativos.\n<\/p>\n<p>[\/et_pb_toggle][\/et_pb_column_inner][et_pb_column_inner type=\u00bb1_3&#8243; saved_specialty_column_type=\u00bb3_4&#8243; _builder_version=\u00bb4.6.0&#8243; _module_preset=\u00bbdefault\u00bb][\/et_pb_column_inner][et_pb_column_inner type=\u00bb1_3&#8243; saved_specialty_column_type=\u00bb3_4&#8243; _builder_version=\u00bb4.6.0&#8243; _module_preset=\u00bbdefault\u00bb][\/et_pb_column_inner][\/et_pb_row_inner][\/et_pb_column][et_pb_column type=\u00bb1_4&#8243; _builder_version=\u00bb3.25&#8243; custom_padding=\u00bb|||\u00bb custom_padding__hover=\u00bb|||\u00bb][et_pb_text _builder_version=\u00bb4.6.0&#8243; _module_preset=\u00bbdefault\u00bb custom_margin=\u00bb||11px|||\u00bb]<\/p>\n<h4>Minutas de la Juntas<\/h4>\n<p>Encuentre informaci\u00f3n sobre las juntas de la mesa directiva aqu\u00ed.<\/p>\n<p>[\/et_pb_text][et_pb_text _builder_version=\u00bb4.6.0&#8243; _module_preset=\u00bbdefault\u00bb header_font=\u00bb|600|||||||\u00bb header_6_text_color=\u00bb#000000&#8243; header_6_font_size=\u00bb13px\u00bb custom_margin=\u00bb0px||0px||false|false\u00bb custom_padding=\u00bb20px||10px|15px|false|false\u00bb border_width_all=\u00bb1px\u00bb]<\/p>\n<h6><a href=\"#\">Agenda de la Junta<\/a><\/h6>\n<p>[\/et_pb_text][\/et_pb_column][\/et_pb_section]<\/p>\n","protected":false},"excerpt":{"rendered":"<p>Nuestra Mesa Directiva Fundador y CEO \u00a0 Paul Morrissey es el CEO de la red y lidera el Equipo Ejecutivo. Fund\u00f3 Compass Rose en 2017 con un grado en un [&hellip;]<\/p>\n","protected":false},"author":2,"featured_media":0,"parent":0,"menu_order":0,"comment_status":"closed","ping_status":"closed","template":"","meta":{"_acf_changed":false,"_et_pb_use_builder":"on","_et_pb_old_content":"","_et_gb_content_width":"","advgb_blocks_editor_width":"","advgb_blocks_columns_visual_guide":"","footnotes":"","_links_to":"","_links_to_target":""},"class_list":["post-243938","page","type-page","status-publish","hentry"],"acf":[],"coauthors":[],"author_meta":{"author_link":"https:\/\/compassrosepublicschools.org\/es\/author\/mreyes\/","display_name":"Mary Reyes"},"relative_dates":{"created":"Publicado 4 a\u00f1os hace","modified":"Actualizado 4 a\u00f1os hace"},"absolute_dates":{"created":"Publicado el marzo 14, 2022","modified":"Actualizado el junio 14, 2022"},"absolute_dates_time":{"created":"Publicado el marzo 14, 2022 10:25 pm","modified":"Actualizado el junio 14, 2022 7:31 pm"},"featured_img_caption":"","featured_img":false,"series_order":"","_links":{"self":[{"href":"https:\/\/compassrosepublicschools.org\/es\/wp-json\/wp\/v2\/pages\/243938","targetHints":{"allow":["GET"]}}],"collection":[{"href":"https:\/\/compassrosepublicschools.org\/es\/wp-json\/wp\/v2\/pages"}],"about":[{"href":"https:\/\/compassrosepublicschools.org\/es\/wp-json\/wp\/v2\/types\/page"}],"author":[{"embeddable":true,"href":"https:\/\/compassrosepublicschools.org\/es\/wp-json\/wp\/v2\/users\/2"}],"replies":[{"embeddable":true,"href":"https:\/\/compassrosepublicschools.org\/es\/wp-json\/wp\/v2\/comments?post=243938"}],"version-history":[{"count":0,"href":"https:\/\/compassrosepublicschools.org\/es\/wp-json\/wp\/v2\/pages\/243938\/revisions"}],"wp:attachment":[{"href":"https:\/\/compassrosepublicschools.org\/es\/wp-json\/wp\/v2\/media?parent=243938"}],"curies":[{"name":"wp","href":"https:\/\/api.w.org\/{rel}","templated":true}]}}